{"id":256,"date":"2015-01-11T20:49:07","date_gmt":"2015-01-11T20:49:07","guid":{"rendered":"http:\/\/www.vnsg.ch\/site_wp\/?page_id=256"},"modified":"2026-02-03T22:09:27","modified_gmt":"2026-02-03T22:09:27","slug":"verein","status":"publish","type":"page","link":"https:\/\/www.vnsg.ch\/site_wp\/verein\/","title":{"rendered":"\u00dcber uns"},"content":{"rendered":"<p>Die Wurzeln des Vereins Vogel- und Naturschutz Grenchen reichen zur\u00fcck ins 19. Jahrhundert. 1880 wurde der Ornithologische Verein Grenchen ins Leben gerufen. Unter dem Zeitgeist der Naturschutzbewegung am Anfang des 20. Jahrhunderts (ProNatura 1909, Nationalpark 1914) gewann im Verein nebst der Gefl\u00fcgel- und Kaninchenhaltung die Freude an der Natur, das Interesse an wildlebenden V\u00f6geln sowie an deren Hege und Pflege an Bedeutung. Noch heute teilen wir diese Werte unserer Gr\u00fcndergeneration, ihre Freuden, wie auch ihre Sorgen um den Verlust von Natursch\u00e4tzen unter den R\u00e4dern des zivilisatorischen Fortschrittes.<\/p>\n<p><strong>Der Verein bezweckt den Schutz, die Pflege und die Verbesserung der nat\u00fcrlichen Lebensgrundlagen von V\u00f6geln, anderen Tieren, Pflanzen und Menschen und die Erhaltung und F\u00f6rderung der biologischen Vielfalt schwergewichtig in der Gemeinde Grenchen <\/strong>(Artikel 3 der <a href=\"http:\/\/www.vnsg.ch\/public\/Statuten_VNSG.pdf\">Statuten<\/a>)<\/p>\n<p>Doch wir rasten nicht! Seit 2005 ist der Vogel- und Naturschutz Grenchen ein eigenst\u00e4ndiger Verein. Mit neuem Wissen und neuen Anforderungen an den Vogelschutz haben sich unsere Interessen und Aktivit\u00e4ten erweitert. Zum Interesse an den V\u00f6geln ist das Interesse an deren Lebensr\u00e4ume und den \u00f6kologischen Zusammenh\u00e4ngen hinzugekommen, zur Hege und Pflege die \u00f6kologische Aufwertung von Landschaften und &#8222;last but not least&#8220; sind zu der einst zahlenm\u00e4ssig stark von M\u00e4nnern dominierten Gesellschaft in den letzten Jahren viele Frauen hinzugekommen.<\/p>\n<p><strong>Der Verein sucht seinen Zweck insbesondere zu erreichen durch:<br \/>\n<\/strong>(Auszug aus Artikel 4 der <a href=\"http:\/\/www.vnsg.ch\/public\/Statuten_VNSG.pdf\">Statuten<\/a>)<strong><br \/>\n&#8211;\u00a0Information der Mitglieder und der \u00d6ffentlichkeit \u00fcber Vogel- und\u00a0Naturschutz<br \/>\n&#8211; F\u00f6rderung eines verst\u00e4rkten Verantwortungsbewusstseins f\u00fcr Natur um Umwelt<br \/>\n&#8211; Pflege, Unterhalt und Neuschafftung von naturnahen Gebieten und Nisthilfen<br \/>\n&#8211; F\u00f6rderung einer \u00f6kologischen Land- und Forstwirtschaft<br \/>\n&#8211; Vertretung der Interessen des Vogel- und Naturschutzes bei Beh\u00f6rden<br \/>\n&#8211; Mitwirkung bei der Erbarbeitung von Entscheidungsgrundlagen in Natur- und Umweltfragen<\/strong><\/p>\n<p>Wir sind Mitglied des <a href=\"http:\/\/www.birdlife-so.ch\" target=\"_blank\" rel=\"noopener\">Vogelschutzverbandes des Kantons Solothurn<\/a> und des <a href=\"http:\/\/www.birdlife.ch\" target=\"_blank\" rel=\"noopener\">Schweizer Vogelschutzes SVS\/Birdlife<\/a>, der mit rund 60&#8217;000 Mitgliedern gr\u00f6ssten Schweizer Naturschutzorganisation nebst ProNatura. Durch diese Mitgliedschaften unterst\u00fctzen wir den Vogel- und Naturschutz auf kantonaler, nationaler und \u00fcber <a href=\"http:\/\/www.birdlife.org\/\" target=\"_blank\" rel=\"noopener\">Birdlife International<\/a> sogar auf internationaler Ebene.<\/p>\n","protected":false},"excerpt":{"rendered":"<p>Die Wurzeln des Vereins Vogel- und Naturschutz Grenchen reichen zur\u00fcck ins 19. Jahrhundert. 1880 wurde der Ornithologische Verein Grenchen ins Leben gerufen. Unter dem Zeitgeist der Naturschutzbewegung am Anfang des 20. Jahrhunderts (ProNatura 1909, Nationalpark 1914) gewann im Verein nebst der Gefl\u00fcgel- und Kaninchenhaltung die Freude an der Natur, das Interesse an wildlebenden V\u00f6geln sowie [&hellip;]<\/p>\n","protected":false},"author":1,"featured_media":0,"parent":0,"menu_order":0,"comment_status":"closed","ping_status":"closed","template":"","meta":{"footnotes":""},"class_list":["post-256","page","type-page","status-publish","hentry"],"_links":{"self":[{"href":"https:\/\/www.vnsg.ch\/site_wp\/wp-json\/wp\/v2\/pages\/256","targetHints":{"allow":["GET"]}}],"collection":[{"href":"https:\/\/www.vnsg.ch\/site_wp\/wp-json\/wp\/v2\/pages"}],"about":[{"href":"https:\/\/www.vnsg.ch\/site_wp\/wp-json\/wp\/v2\/types\/page"}],"author":[{"embeddable":true,"href":"https:\/\/www.vnsg.ch\/site_wp\/wp-json\/wp\/v2\/users\/1"}],"replies":[{"embeddable":true,"href":"https:\/\/www.vnsg.ch\/site_wp\/wp-json\/wp\/v2\/comments?post=256"}],"version-history":[{"count":8,"href":"https:\/\/www.vnsg.ch\/site_wp\/wp-json\/wp\/v2\/pages\/256\/revisions"}],"predecessor-version":[{"id":2127,"href":"https:\/\/www.vnsg.ch\/site_wp\/wp-json\/wp\/v2\/pages\/256\/revisions\/2127"}],"wp:attachment":[{"href":"https:\/\/www.vnsg.ch\/site_wp\/wp-json\/wp\/v2\/media?parent=256"}],"curies":[{"name":"wp","href":"https:\/\/api.w.org\/{rel}","templated":true}]}}